{"id":175,"date":"2017-02-26T19:42:02","date_gmt":"2017-02-26T18:42:02","guid":{"rendered":"http:\/\/hs1955.de\/ver2\/?page_id=175"},"modified":"2025-11-17T15:49:42","modified_gmt":"2025-11-17T14:49:42","slug":"hubertusjungkoenige","status":"publish","type":"page","link":"https:\/\/hs1955.de\/ver2\/das-corps\/hubertusjungkoenige\/","title":{"rendered":"Hubertusjungk\u00f6nige"},"content":{"rendered":"\n<hr>\n<p>&nbsp;<\/p>\n\n\n<table style=\"width: 100%; height: 992px;\">\n<tbody>\n<tr style=\"height: 31px;\">\n<td style=\"width: 24%; height: 31px;\"><span style=\"font-family: arial, helvetica, sans-serif; color: #1c351c;\">1989 \/\u00a01990<\/span><\/td>\n<td style=\"width: 76%; height: 31px;\"><span style=\"font-family: arial, helvetica, sans-serif; color: #1c351c;\">Markus I. Schlaak<\/span><\/td>\n<\/tr>\n<tr style=\"height: 31px;\">\n<td style=\"width: 24%; height: 31px;\"><span style=\"font-family: arial, helvetica, sans-serif; color: #1c351c;\">1990 \/\u00a01991<\/span><\/td>\n<td style=\"width: 76%; height: 31px;\"><span style=\"font-family: arial, helvetica, sans-serif; color: #1c351c;\">Thomas I. Dost<\/span><\/td>\n<\/tr>\n<tr style=\"height: 31px;\">\n<td style=\"width: 24%; height: 31px;\"><span style=\"font-family: arial, helvetica, sans-serif; color: #1c351c;\">1991 \/\u00a01992<\/span><\/td>\n<td style=\"width: 76%; height: 31px;\"><span style=\"font-family: arial, helvetica, sans-serif; color: #1c351c;\">Andreas I. Jenzen<\/span><\/td>\n<\/tr>\n<tr style=\"height: 31px;\">\n<td style=\"width: 24%; height: 31px;\"><span style=\"font-family: arial, helvetica, sans-serif; color: #1c351c;\">1992 \/\u00a01993<\/span><\/td>\n<td style=\"width: 76%; height: 31px;\"><span style=\"font-family: arial, helvetica, sans-serif; color: #1c351c;\">Markus I. Schlaak<\/span><\/td>\n<\/tr>\n<tr style=\"height: 31px;\">\n<td style=\"width: 24%; height: 31px;\"><span style=\"font-family: arial, helvetica, sans-serif; color: #1c351c;\">1993 \/\u00a01994<\/span><\/td>\n<td style=\"width: 76%; height: 31px;\"><span style=\"font-family: arial, helvetica, sans-serif; color: #1c351c;\">Danny I. Kremer<\/span><\/td>\n<\/tr>\n<tr style=\"height: 31px;\">\n<td style=\"width: 24%; height: 31px;\"><span style=\"font-family: arial, helvetica, sans-serif; color: #1c351c;\">1994 \/\u00a01995<\/span><\/td>\n<td style=\"width: 76%; height: 31px;\"><span style=\"font-family: arial, helvetica, sans-serif; color: #1c351c;\">Jens I. Nowitzki<\/span><\/td>\n<\/tr>\n<tr style=\"height: 31px;\">\n<td style=\"width: 24%; height: 31px;\"><span style=\"font-family: arial, helvetica, sans-serif; color: #1c351c;\">1995 \/\u00a01996<\/span><\/td>\n<td style=\"width: 76%; height: 31px;\"><span style=\"font-family: arial, helvetica, sans-serif; color: #1c351c;\">Markus I. Schlaak<\/span><\/td>\n<\/tr>\n<tr style=\"height: 31px;\">\n<td style=\"width: 24%; height: 31px;\"><span style=\"font-family: arial, helvetica, sans-serif; color: #1c351c;\">1996 \/\u00a01997<\/span><\/td>\n<td style=\"width: 76%; height: 31px;\"><span style=\"font-family: arial, helvetica, sans-serif; color: #1c351c;\">Carsten I. Zollitsch<\/span><\/td>\n<\/tr>\n<tr style=\"height: 31px;\">\n<td style=\"width: 24%; height: 31px;\"><span style=\"font-family: arial, helvetica, sans-serif; color: #1c351c;\">1997 \/\u00a01998<\/span><\/td>\n<td style=\"width: 76%; height: 31px;\"><span style=\"font-family: arial, helvetica, sans-serif; color: #1c351c;\">Thomas I. Dost<\/span><\/td>\n<\/tr>\n<tr style=\"height: 31px;\">\n<td style=\"width: 24%; height: 31px;\"><span style=\"font-family: arial, helvetica, sans-serif; color: #1c351c;\">1998 \/\u00a01999<\/span><\/td>\n<td style=\"width: 76%; height: 31px;\"><span style=\"font-family: arial, helvetica, sans-serif; color: #1c351c;\">Thomas II. von Werden<\/span><\/td>\n<\/tr>\n<tr style=\"height: 31px;\">\n<td style=\"width: 24%; height: 31px;\"><span style=\"font-family: arial, helvetica, sans-serif; color: #1c351c;\">1999 \/ 2000<\/span><\/td>\n<td style=\"width: 76%; height: 31px;\"><span style=\"font-family: arial, helvetica, sans-serif; color: #1c351c;\">Daniel I. Scheuer<\/span><\/td>\n<\/tr>\n<tr style=\"height: 31px;\">\n<td style=\"width: 24%; height: 31px;\"><span style=\"font-family: arial, helvetica, sans-serif; color: #1c351c;\">2000 \/ 2001<\/span><\/td>\n<td style=\"width: 76%; height: 31px;\"><span style=\"font-family: arial, helvetica, sans-serif; color: #1c351c;\">J\u00f6rg I. Jenzen<\/span><\/td>\n<\/tr>\n<tr style=\"height: 31px;\">\n<td style=\"width: 24%; height: 31px;\"><span style=\"font-family: arial, helvetica, sans-serif; color: #1c351c;\">2001 \/ 2002<\/span><\/td>\n<td style=\"width: 76%; height: 31px;\"><span style=\"font-family: arial, helvetica, sans-serif; color: #1c351c;\">Pascal I. Schmitz<\/span><\/td>\n<\/tr>\n<tr style=\"height: 31px;\">\n<td style=\"width: 24%; height: 31px;\"><span style=\"font-family: arial, helvetica, sans-serif; color: #1c351c;\">2002 \/ 2003<\/span><\/td>\n<td style=\"width: 76%; height: 31px;\"><span style=\"font-family: arial, helvetica, sans-serif; color: #1c351c;\">Andreas II. Friedberg<\/span><\/td>\n<\/tr>\n<tr style=\"height: 31px;\">\n<td style=\"width: 24%; height: 31px;\"><span style=\"font-family: arial, helvetica, sans-serif; color: #1c351c;\">2003 \/ 2004<\/span><\/td>\n<td style=\"width: 76%; height: 31px;\"><span style=\"font-family: arial, helvetica, sans-serif; color: #1c351c;\">Pascal II. Neskes<\/span><\/td>\n<\/tr>\n<tr style=\"height: 31px;\">\n<td style=\"width: 24%; height: 31px;\"><span style=\"font-family: arial, helvetica, sans-serif; color: #1c351c;\">2004 \/ 2005<\/span><\/td>\n<td style=\"width: 76%; height: 31px;\"><span style=\"font-family: arial, helvetica, sans-serif; color: #1c351c;\">Andreas III. Koch<\/span><\/td>\n<\/tr>\n<tr style=\"height: 31px;\">\n<td style=\"width: 24%; height: 31px;\"><span style=\"font-family: arial, helvetica, sans-serif; color: #1c351c;\">2005 \/ 2006<\/span><\/td>\n<td style=\"width: 76%; height: 31px;\"><span style=\"font-family: arial, helvetica, sans-serif; color: #1c351c;\">Stefan I. Peschkes<\/span><\/td>\n<\/tr>\n<tr style=\"height: 31px;\">\n<td style=\"width: 24%; height: 31px;\"><span style=\"font-family: arial, helvetica, sans-serif; color: #1c351c;\">2006 \/ 2007<\/span><\/td>\n<td style=\"width: 76%; height: 31px;\"><span style=\"font-family: arial, helvetica, sans-serif; color: #1c351c;\">Thomas III. Jansen<\/span><\/td>\n<\/tr>\n<tr style=\"height: 31px;\">\n<td style=\"width: 24%; height: 31px;\"><span style=\"font-family: arial, helvetica, sans-serif; color: #1c351c;\">2007 \/ 2008<\/span><\/td>\n<td style=\"width: 76%; height: 31px;\"><span style=\"font-family: arial, helvetica, sans-serif; color: #1c351c;\">Timo I. Reder<\/span><\/td>\n<\/tr>\n<tr style=\"height: 31px;\">\n<td style=\"width: 24%; height: 31px;\"><span style=\"font-family: arial, helvetica, sans-serif; color: #1c351c;\">2008 \/ 2009<\/span><\/td>\n<td style=\"width: 76%; height: 31px;\"><span style=\"font-family: arial, helvetica, sans-serif; color: #1c351c;\">Markus II. Wegner<\/span><\/td>\n<\/tr>\n<tr style=\"height: 31px;\">\n<td style=\"width: 24%; height: 31px;\"><span style=\"font-family: arial, helvetica, sans-serif; color: #1c351c;\">2009 \/ 2010<\/span><\/td>\n<td style=\"width: 76%; height: 31px;\"><span style=\"font-family: arial, helvetica, sans-serif; color: #1c351c;\">Florian I. Henn<\/span><\/td>\n<\/tr>\n<tr style=\"height: 31px;\">\n<td style=\"width: 24%; height: 31px;\"><span style=\"font-family: arial, helvetica, sans-serif; color: #1c351c;\">2010 \/ 2011<\/span><\/td>\n<td style=\"width: 76%; height: 31px;\"><span style=\"font-family: arial, helvetica, sans-serif; color: #1c351c;\">Nicolas I. Kenkenberg<\/span><\/td>\n<\/tr>\n<tr style=\"height: 31px;\">\n<td style=\"width: 24%; height: 31px;\"><span style=\"font-family: arial, helvetica, sans-serif; color: #1c351c;\">2011 \/ 2012<\/span><\/td>\n<td style=\"width: 76%; height: 31px;\"><span style=\"font-family: arial, helvetica, sans-serif; color: #1c351c;\">Andreas III. Koch<\/span><\/td>\n<\/tr>\n<tr style=\"height: 31px;\">\n<td style=\"width: 24%; height: 31px;\"><span style=\"font-family: arial, helvetica, sans-serif; color: #1c351c;\">2012 \/ 2013<\/span><\/td>\n<td style=\"width: 76%; height: 31px;\"><span style=\"font-family: arial, helvetica, sans-serif; color: #1c351c;\">Florin I. Moosbauer<\/span><\/td>\n<\/tr>\n<tr style=\"height: 31px;\">\n<td style=\"width: 24%; height: 31px;\"><span style=\"font-family: arial, helvetica, sans-serif; color: #1c351c;\">2013 \/ 2014<\/span><\/td>\n<td style=\"width: 76%; height: 31px;\"><span style=\"font-family: arial, helvetica, sans-serif; color: #1c351c;\">Robin I. Crump<\/span><\/td>\n<\/tr>\n<tr style=\"height: 31px;\">\n<td style=\"width: 24%; height: 31px;\"><span style=\"font-family: arial, helvetica, sans-serif; color: #1c351c;\">2014 \/ 2015<\/span><\/td>\n<td style=\"width: 76%; height: 31px;\"><span style=\"font-family: arial, helvetica, sans-serif; color: #1c351c;\">Dennis I. Knepper<\/span><\/td>\n<\/tr>\n<tr style=\"height: 31px;\">\n<td style=\"width: 24%; height: 31px;\"><span style=\"font-family: arial, helvetica, sans-serif; color: #1c351c;\">2015 \/ 2016<\/span><\/td>\n<td style=\"width: 76%; height: 31px;\"><span style=\"font-family: arial, helvetica, sans-serif; color: #1c351c;\">Patrick I. R\u00f6tsch<\/span><\/td>\n<\/tr>\n<tr style=\"height: 31px;\">\n<td style=\"width: 24%; height: 31px;\"><span style=\"font-family: arial, helvetica, sans-serif; color: #1c351c;\">2016 \/ 2017<\/span><\/td>\n<td style=\"width: 76%; height: 31px;\"><span style=\"font-family: arial, helvetica, sans-serif; color: #1c351c;\">Christoph I. Heupgen<\/span><\/td>\n<\/tr>\n<tr style=\"height: 31px;\">\n<td style=\"width: 24%; height: 31px;\"><span style=\"font-family: arial, helvetica, sans-serif; color: #1c351c;\">2017 \/ 2018<\/span><\/td>\n<td style=\"width: 76%; height: 31px;\"><span style=\"font-family: arial, helvetica, sans-serif; color: #1c351c;\">Robin I. Crump<\/span><\/td>\n<\/tr>\n<tr style=\"height: 31px;\">\n<td style=\"width: 24%; height: 31px;\"><span style=\"font-family: arial, helvetica, sans-serif; color: #1c351c;\">2018 \/ 2019<\/span><\/td>\n<td style=\"width: 76%; height: 31px;\"><span style=\"font-family: arial, helvetica, sans-serif; color: #1c351c;\">Marvin I. Meinert<\/span><\/td>\n<\/tr>\n<tr style=\"height: 31px;\">\n<td style=\"width: 24%; height: 31px;\"><span style=\"font-family: arial, helvetica, sans-serif; color: #1c351c;\">2019 \/ 2022<\/span><\/td>\n<td style=\"width: 76%; height: 31px;\"><span style=\"font-family: arial, helvetica, sans-serif; color: #1c351c;\">Christoph I. Heupgen<\/span><\/td>\n<\/tr>\n<tr style=\"height: 31px;\">\n<td style=\"width: 24%; height: 31px;\"><span style=\"font-family: arial, helvetica, sans-serif; color: #1c351c;\">2022 \/ 2023<\/span><\/td>\n<td style=\"width: 76%; height: 31px;\"><span style=\"font-family: arial, helvetica, sans-serif; color: #1c351c;\">Marco I. Schmitz<\/span><\/td>\n<\/tr>\n<tr>\n<td style=\"width: 24%;\"><span style=\"font-family: arial, helvetica, sans-serif; color: #1c351c;\">2023 \/ 2024<\/span><\/td>\n<td style=\"width: 76%;\"><span style=\"font-family: arial, helvetica, sans-serif; color: #1c351c;\">Kevin I. H\u00fcsges<\/span><\/td>\n<\/tr>\n<tr>\n<td style=\"width: 24%;\"><span style=\"font-family: arial, helvetica, sans-serif; color: #1c351c;\">2024 \/ 2025<\/span><\/td>\n<td style=\"width: 76%;\"><span style=\"font-family: arial, helvetica, sans-serif; color: #1c351c;\">Leon I. Offer<\/span><\/td>\n<\/tr>\n<tr>\n<td style=\"width: 24%;\"><span style=\"font-family: arial, helvetica, sans-serif; color: #1c351c;\">2025 \/ 2026<\/span><\/td>\n<td style=\"width: 76%;\"><span style=\"font-family: arial, helvetica, sans-serif; color: #1c351c;\">Tobias I. L\u00fctkecosmann<\/span><\/td>\n<\/tr>\n<\/tbody>\n<\/table>","protected":false},"excerpt":{"rendered":"<p>&nbsp; 1989 \/\u00a01990 Markus I. Schlaak 1990 \/\u00a01991 Thomas I. Dost 1991 \/\u00a01992 Andreas I. Jenzen 1992 \/\u00a01993 Markus I. Schlaak 1993 \/\u00a01994 Danny I. Kremer 1994 \/\u00a01995 Jens I. Nowitzki 1995 \/\u00a01996 Markus I. Schlaak 1996 \/\u00a01997 Carsten I. Zollitsch 1997 \/\u00a01998 Thomas I. Dost 1998 \/\u00a01999 Thomas II. von Werden 1999 \/ 2000 [&hellip;]<\/p>\n","protected":false},"author":1,"featured_media":0,"parent":135,"menu_order":0,"comment_status":"closed","ping_status":"closed","template":"","meta":{"footnotes":""},"class_list":["post-175","page","type-page","status-publish","hentry"],"aioseo_notices":[],"aioseo_head":"\n\t\t<!-- All in One SEO 5.0.1.1 - aioseo.com -->\n\t<meta name=\"robots\" content=\"max-image-preview:large\" \/>\n\t<link rel=\"canonical\" href=\"https:\/\/hs1955.de\/ver2\/das-corps\/hubertusjungkoenige\/\" \/>\n\t<meta name=\"generator\" content=\"All in One SEO (AIOSEO) 5.0.1.1\" \/>\n\t\t<meta property=\"og:locale\" content=\"de_DE\" \/>\n\t\t<meta property=\"og:site_name\" content=\"St. Hubertussch\u00fctzen Neuss-Furth e. V. | Willkommen auf der Webseite der St. Hubertussch\u00fctzen Neuss-Furth e. V.\" \/>\n\t\t<meta property=\"og:type\" content=\"article\" \/>\n\t\t<meta property=\"og:title\" content=\"Hubertusjungk\u00f6nige | St. Hubertussch\u00fctzen Neuss-Furth e. V.\" \/>\n\t\t<meta property=\"og:url\" content=\"https:\/\/hs1955.de\/ver2\/das-corps\/hubertusjungkoenige\/\" \/>\n\t\t<meta property=\"article:published_time\" content=\"2017-02-26T18:42:02+00:00\" \/>\n\t\t<meta property=\"article:modified_time\" content=\"2025-11-17T14:49:42+00:00\" \/>\n\t\t<meta name=\"twitter:card\" content=\"summary\" \/>\n\t\t<meta name=\"twitter:title\" content=\"Hubertusjungk\u00f6nige | St. Hubertussch\u00fctzen Neuss-Furth e. V.\" \/>\n\t\t<script type=\"application\/ld+json\" class=\"aioseo-schema\">\n\t\t\t{\"@context\":\"https:\\\/\\\/schema.org\",\"@graph\":[{\"@type\":\"BreadcrumbList\",\"@id\":\"https:\\\/\\\/hs1955.de\\\/ver2\\\/das-corps\\\/hubertusjungkoenige\\\/#breadcrumblist\",\"itemListElement\":[{\"@type\":\"ListItem\",\"@id\":\"https:\\\/\\\/hs1955.de\\\/ver2#listItem\",\"position\":1,\"name\":\"Home\",\"item\":\"https:\\\/\\\/hs1955.de\\\/ver2\",\"nextItem\":{\"@type\":\"ListItem\",\"@id\":\"https:\\\/\\\/hs1955.de\\\/ver2\\\/das-corps\\\/#listItem\",\"name\":\"Das Corps\"}},{\"@type\":\"ListItem\",\"@id\":\"https:\\\/\\\/hs1955.de\\\/ver2\\\/das-corps\\\/#listItem\",\"position\":2,\"name\":\"Das Corps\",\"item\":\"https:\\\/\\\/hs1955.de\\\/ver2\\\/das-corps\\\/\",\"nextItem\":{\"@type\":\"ListItem\",\"@id\":\"https:\\\/\\\/hs1955.de\\\/ver2\\\/das-corps\\\/hubertusjungkoenige\\\/#listItem\",\"name\":\"Hubertusjungk\\u00f6nige\"},\"previousItem\":{\"@type\":\"ListItem\",\"@id\":\"https:\\\/\\\/hs1955.de\\\/ver2#listItem\",\"name\":\"Home\"}},{\"@type\":\"ListItem\",\"@id\":\"https:\\\/\\\/hs1955.de\\\/ver2\\\/das-corps\\\/hubertusjungkoenige\\\/#listItem\",\"position\":3,\"name\":\"Hubertusjungk\\u00f6nige\",\"previousItem\":{\"@type\":\"ListItem\",\"@id\":\"https:\\\/\\\/hs1955.de\\\/ver2\\\/das-corps\\\/#listItem\",\"name\":\"Das Corps\"}}]},{\"@type\":\"Organization\",\"@id\":\"https:\\\/\\\/hs1955.de\\\/ver2\\\/#organization\",\"name\":\"St. Hubertussch\\u00fctzen Neuss-Furth e. V.\",\"description\":\"Willkommen auf der Webseite der St. Hubertussch\\u00fctzen Neuss-Furth e. V.\",\"url\":\"https:\\\/\\\/hs1955.de\\\/ver2\\\/\"},{\"@type\":\"WebPage\",\"@id\":\"https:\\\/\\\/hs1955.de\\\/ver2\\\/das-corps\\\/hubertusjungkoenige\\\/#webpage\",\"url\":\"https:\\\/\\\/hs1955.de\\\/ver2\\\/das-corps\\\/hubertusjungkoenige\\\/\",\"name\":\"Hubertusjungk\\u00f6nige | St. Hubertussch\\u00fctzen Neuss-Furth e. V.\",\"inLanguage\":\"de-DE\",\"isPartOf\":{\"@id\":\"https:\\\/\\\/hs1955.de\\\/ver2\\\/#website\"},\"breadcrumb\":{\"@id\":\"https:\\\/\\\/hs1955.de\\\/ver2\\\/das-corps\\\/hubertusjungkoenige\\\/#breadcrumblist\"},\"datePublished\":\"2017-02-26T19:42:02+01:00\",\"dateModified\":\"2025-11-17T15:49:42+01:00\"},{\"@type\":\"WebSite\",\"@id\":\"https:\\\/\\\/hs1955.de\\\/ver2\\\/#website\",\"url\":\"https:\\\/\\\/hs1955.de\\\/ver2\\\/\",\"name\":\"St. Hubertussch\\u00fctzen\",\"description\":\"Willkommen auf der Webseite der St. Hubertussch\\u00fctzen Neuss-Furth e. V.\",\"inLanguage\":\"de-DE\",\"publisher\":{\"@id\":\"https:\\\/\\\/hs1955.de\\\/ver2\\\/#organization\"}}]}\n\t\t<\/script>\n\t\t<!-- All in One SEO -->\n\n","aioseo_head_json":{"title":"Hubertusjungk\u00f6nige | St. Hubertussch\u00fctzen Neuss-Furth e. V.","description":"","canonical_url":"https:\/\/hs1955.de\/ver2\/das-corps\/hubertusjungkoenige\/","robots":"max-image-preview:large","keywords":"","webmasterTools":{"miscellaneous":""},"schema":{"@context":"https:\/\/schema.org","@graph":[{"@type":"BreadcrumbList","@id":"https:\/\/hs1955.de\/ver2\/das-corps\/hubertusjungkoenige\/#breadcrumblist","itemListElement":[{"@type":"ListItem","@id":"https:\/\/hs1955.de\/ver2#listItem","position":1,"name":"Home","item":"https:\/\/hs1955.de\/ver2","nextItem":{"@type":"ListItem","@id":"https:\/\/hs1955.de\/ver2\/das-corps\/#listItem","name":"Das Corps"}},{"@type":"ListItem","@id":"https:\/\/hs1955.de\/ver2\/das-corps\/#listItem","position":2,"name":"Das Corps","item":"https:\/\/hs1955.de\/ver2\/das-corps\/","nextItem":{"@type":"ListItem","@id":"https:\/\/hs1955.de\/ver2\/das-corps\/hubertusjungkoenige\/#listItem","name":"Hubertusjungk\u00f6nige"},"previousItem":{"@type":"ListItem","@id":"https:\/\/hs1955.de\/ver2#listItem","name":"Home"}},{"@type":"ListItem","@id":"https:\/\/hs1955.de\/ver2\/das-corps\/hubertusjungkoenige\/#listItem","position":3,"name":"Hubertusjungk\u00f6nige","previousItem":{"@type":"ListItem","@id":"https:\/\/hs1955.de\/ver2\/das-corps\/#listItem","name":"Das Corps"}}]},{"@type":"Organization","@id":"https:\/\/hs1955.de\/ver2\/#organization","name":"St. Hubertussch\u00fctzen Neuss-Furth e. V.","description":"Willkommen auf der Webseite der St. Hubertussch\u00fctzen Neuss-Furth e. V.","url":"https:\/\/hs1955.de\/ver2\/"},{"@type":"WebPage","@id":"https:\/\/hs1955.de\/ver2\/das-corps\/hubertusjungkoenige\/#webpage","url":"https:\/\/hs1955.de\/ver2\/das-corps\/hubertusjungkoenige\/","name":"Hubertusjungk\u00f6nige | St. Hubertussch\u00fctzen Neuss-Furth e. V.","inLanguage":"de-DE","isPartOf":{"@id":"https:\/\/hs1955.de\/ver2\/#website"},"breadcrumb":{"@id":"https:\/\/hs1955.de\/ver2\/das-corps\/hubertusjungkoenige\/#breadcrumblist"},"datePublished":"2017-02-26T19:42:02+01:00","dateModified":"2025-11-17T15:49:42+01:00"},{"@type":"WebSite","@id":"https:\/\/hs1955.de\/ver2\/#website","url":"https:\/\/hs1955.de\/ver2\/","name":"St. Hubertussch\u00fctzen","description":"Willkommen auf der Webseite der St. Hubertussch\u00fctzen Neuss-Furth e. V.","inLanguage":"de-DE","publisher":{"@id":"https:\/\/hs1955.de\/ver2\/#organization"}}]},"og:locale":"de_DE","og:site_name":"St. Hubertussch\u00fctzen Neuss-Furth e. V. | Willkommen auf der Webseite der St. Hubertussch\u00fctzen Neuss-Furth e. V.","og:type":"article","og:title":"Hubertusjungk\u00f6nige | St. Hubertussch\u00fctzen Neuss-Furth e. V.","og:url":"https:\/\/hs1955.de\/ver2\/das-corps\/hubertusjungkoenige\/","article:published_time":"2017-02-26T18:42:02+00:00","article:modified_time":"2025-11-17T14:49:42+00:00","twitter:card":"summary","twitter:title":"Hubertusjungk\u00f6nige | St. Hubertussch\u00fctzen Neuss-Furth e. V."},"aioseo_meta_data":{"post_id":"175","title":null,"description":null,"keywords":null,"keyphrases":{"focus":{"keyphrase":"","score":0,"analysis":{"keyphraseInTitle":{"score":0,"maxScore":9,"error":1}}},"additional":[]},"primary_term":null,"canonical_url":null,"og_title":null,"og_description":null,"og_object_type":"default","og_image_type":"default","og_image_url":null,"og_image_width":null,"og_image_height":null,"og_image_custom_url":null,"og_image_custom_fields":null,"og_video":"","og_custom_url":null,"og_article_section":null,"og_article_tags":null,"twitter_use_og":false,"twitter_card":"default","twitter_image_type":"default","twitter_image_url":null,"twitter_image_custom_url":null,"twitter_image_custom_fields":null,"twitter_title":null,"twitter_description":null,"schema":{"blockGraphs":[],"customGraphs":[],"default":{"data":{"Article":[],"Course":[],"Dataset":[],"FAQPage":[],"Movie":[],"Person":[],"Product":[],"ProductReview":[],"Car":[],"Recipe":[],"Service":[],"SoftwareApplication":[],"WebPage":[]},"graphName":"WebPage","isEnabled":true},"graphs":[],"defaultGraph":"","defaultPostTypeGraph":""},"schema_type":null,"schema_type_options":null,"pillar_content":false,"robots_default":true,"robots_noindex":false,"robots_noarchive":false,"robots_nosnippet":false,"robots_nofollow":false,"robots_noimageindex":false,"robots_noodp":false,"robots_notranslate":false,"robots_max_snippet":"-1","robots_max_videopreview":"-1","robots_max_imagepreview":"large","priority":null,"frequency":"default","local_seo":null,"breadcrumb_settings":null,"limit_modified_date":false,"ai":{"faqs":[],"keyPoints":[],"titles":[],"descriptions":[],"socialPosts":{"email":[],"linkedin":[],"twitter":[],"facebook":[],"instagram":[]}},"created":"2021-04-25 10:54:02","updated":"2025-11-17 14:55:11","seo_analyzer_scan_date":null,"focus_keyword":null,"additional_keywords":null,"truseo_locale":null},"aioseo_breadcrumb":"<div class=\"aioseo-breadcrumbs\"><span class=\"aioseo-breadcrumb\">\n\t\t\t<a href=\"https:\/\/hs1955.de\/ver2\" title=\"Home\">Home<\/a>\n\t\t<\/span><span class=\"aioseo-breadcrumb-separator\">&raquo;<\/span><span class=\"aioseo-breadcrumb\">\n\t\t\t<a href=\"https:\/\/hs1955.de\/ver2\/das-corps\/\" title=\"Das Corps\">Das Corps<\/a>\n\t\t<\/span><span class=\"aioseo-breadcrumb-separator\">&raquo;<\/span><span class=\"aioseo-breadcrumb\">\n\t\t\tHubertusjungk\u00f6nige\n\t\t<\/span><\/div>","aioseo_breadcrumb_json":[{"label":"Home","link":"https:\/\/hs1955.de\/ver2"},{"label":"Das Corps","link":"https:\/\/hs1955.de\/ver2\/das-corps\/"},{"label":"Hubertusjungk\u00f6nige","link":"https:\/\/hs1955.de\/ver2\/das-corps\/hubertusjungkoenige\/"}],"_links":{"self":[{"href":"https:\/\/hs1955.de\/ver2\/wp-json\/wp\/v2\/pages\/175","targetHints":{"allow":["GET"]}}],"collection":[{"href":"https:\/\/hs1955.de\/ver2\/wp-json\/wp\/v2\/pages"}],"about":[{"href":"https:\/\/hs1955.de\/ver2\/wp-json\/wp\/v2\/types\/page"}],"author":[{"embeddable":true,"href":"https:\/\/hs1955.de\/ver2\/wp-json\/wp\/v2\/users\/1"}],"replies":[{"embeddable":true,"href":"https:\/\/hs1955.de\/ver2\/wp-json\/wp\/v2\/comments?post=175"}],"version-history":[{"count":11,"href":"https:\/\/hs1955.de\/ver2\/wp-json\/wp\/v2\/pages\/175\/revisions"}],"predecessor-version":[{"id":3423,"href":"https:\/\/hs1955.de\/ver2\/wp-json\/wp\/v2\/pages\/175\/revisions\/3423"}],"up":[{"embeddable":true,"href":"https:\/\/hs1955.de\/ver2\/wp-json\/wp\/v2\/pages\/135"}],"wp:attachment":[{"href":"https:\/\/hs1955.de\/ver2\/wp-json\/wp\/v2\/media?parent=175"}],"curies":[{"name":"wp","href":"https:\/\/api.w.org\/{rel}","templated":true}]}}